{"id":8,"date":"2012-11-16T20:17:22","date_gmt":"2012-11-16T18:17:22","guid":{"rendered":"http:\/\/www.ig-t3.de\/wordpress\/?page_id=8"},"modified":"2024-04-08T23:06:31","modified_gmt":"2024-04-08T21:06:31","slug":"kontakt","status":"publish","type":"page","link":"https:\/\/www.ig-t3.de\/?page_id=8","title":{"rendered":"Kontakt"},"content":{"rendered":"<p>Liebe VW-Bus-Freunde, es liegt sehr in unserem Sinne, alle E-Mails zu beantworten. Es k\u00f6nnte unter Umst\u00e4nden etwas dauern, bis Ihr von uns Antwort bekommt. Alle genannten Mitglieder sind ehrenamtlich t\u00e4tig. Somit bitten wir um Geduld. Solltet Ihr euch nicht sicher sein, wen Ihr mit Eurem Anliegen ansprechen sollt, nicht verzagen, wir leiten die Mail an die passende Adresse weiter.<\/p>\n<p>Noch ein kleiner Zusatz: Da wir von Spammails \u00fcberh\u00e4uft werden, bitten wir Euch, bei den Mailadressen das (\u00e4t) durch ein @ zu ersetzen.<\/p>\n<p>Eure IG-T3<\/p>\n<p>\u00dcber diese Wege k\u00f6nnt Ihr mit uns per Post oder E-Mail in Verbindung treten:<\/p>\n<p><strong>postalische Anschrift der IG-T3 e.V.<\/strong><\/p>\n<p>IG-T3 e.V.<br \/>\nBredowstr. 12<br \/>\n10551 Berlin<\/p>\n<p><strong><span style=\"text-decoration: underline;\">Der Vorstand E-Mail:<\/span><\/strong><\/p>\n<p><strong><span style=\"text-decoration: underline;\">1. Vorsitzender:<\/span><\/strong><br \/>\nLeandro Sch\u00f6ttler (#15)<br \/>\nHilchenbach<br \/>\nVorstand(\u00e4t)IG-T3.de<\/p>\n<p><strong><span style=\"text-decoration: underline;\">2. Vorsitzender<\/span><\/strong><br \/>\nR\u00fcdiger Schneider (#14)<br \/>\nBerlin<br \/>\nVorstand(\u00e4t)IG-T3.de<\/p>\n<p><strong><span style=\"text-decoration: underline;\">2. Vorsitzender<\/span><\/strong><br \/>\nThomas Krack (#26)<br \/>\nM\u00fchlacker<br \/>\nVorstand(\u00e4t)IG-T3.de<\/p>\n<p><strong><span style=\"text-decoration: underline;\">Kasse\/Mitgliederverwaltung<\/span><\/strong>:<br \/>\nSteffen Riemer (#19)<br \/>\nK\u00f6dnitz<br \/>\nKasse(\u00e4t)IG-T3.de<\/p>\n<p><strong><span style=\"text-decoration: underline;\">Schriftf\u00fchrung:<\/span><\/strong><br \/>\nStefan Bartsch (#262)<br \/>\nBerlin<br \/>\nSchriftfuehrer(\u00e4t)IG-T3.de<\/p>\n<p><strong><span style=\"text-decoration: underline;\">Redaktion:<\/span><\/strong><br \/>\nChristiane Panzer (#14)<br \/>\nBerlin<br \/>\nRedaktion(\u00e4t)IG-T3.de<\/p>\n<p><strong><span style=\"text-decoration: underline;\">Admin\/Forum:<\/span><\/strong><br \/>\nJens Jaretzki (#21)<br \/>\nRuediger Schneider (#14)<br \/>\nBerlin<br \/>\nWebmaster(\u00e4t)IG-T3.de<\/p>\n<p><span style=\"text-decoration: underline;\">weitere E-Mail Adressen:<\/span><br \/>\nJahreshaupttreffen: Treffen(\u00e4t)IG-T3.de<br \/>\nallgemeine Kontaktadresse: Info(\u00e4t)IG-T3.de<\/p>\n","protected":false},"excerpt":{"rendered":"<p>Liebe VW-Bus-Freunde, es liegt sehr in unserem Sinne, alle E-Mails zu beantworten. Es k\u00f6nnte unter Umst\u00e4nden etwas dauern, bis Ihr von uns Antwort bekommt. Alle genannten Mitglieder sind ehrenamtlich t\u00e4tig. Somit bitten wir um Geduld. Solltet Ihr euch nicht sicher &hellip; <a href=\"https:\/\/www.ig-t3.de\/?page_id=8\">Weiterlesen <span class=\"meta-nav\">&rarr;<\/span><\/a><\/p>\n","protected":false},"author":1,"featured_media":0,"parent":0,"menu_order":5,"comment_status":"closed","ping_status":"closed","template":"","meta":{"footnotes":""},"class_list":["post-8","page","type-page","status-publish","hentry"],"_links":{"self":[{"href":"https:\/\/www.ig-t3.de\/index.php?rest_route=\/wp\/v2\/pages\/8","targetHints":{"allow":["GET"]}}],"collection":[{"href":"https:\/\/www.ig-t3.de\/index.php?rest_route=\/wp\/v2\/pages"}],"about":[{"href":"https:\/\/www.ig-t3.de\/index.php?rest_route=\/wp\/v2\/types\/page"}],"author":[{"embeddable":true,"href":"https:\/\/www.ig-t3.de\/index.php?rest_route=\/wp\/v2\/users\/1"}],"replies":[{"embeddable":true,"href":"https:\/\/www.ig-t3.de\/index.php?rest_route=%2Fwp%2Fv2%2Fcomments&post=8"}],"version-history":[{"count":33,"href":"https:\/\/www.ig-t3.de\/index.php?rest_route=\/wp\/v2\/pages\/8\/revisions"}],"predecessor-version":[{"id":1584,"href":"https:\/\/www.ig-t3.de\/index.php?rest_route=\/wp\/v2\/pages\/8\/revisions\/1584"}],"wp:attachment":[{"href":"https:\/\/www.ig-t3.de\/index.php?rest_route=%2Fwp%2Fv2%2Fmedia&parent=8"}],"curies":[{"name":"wp","href":"https:\/\/api.w.org\/{rel}","templated":true}]}}